{"id":159,"date":"2021-06-21T20:15:35","date_gmt":"2021-06-21T18:15:35","guid":{"rendered":"https:\/\/gemeinnuetzige-gesellschaft-der-bezirke-zuerich-und-dietikon.ch\/ggbzd\/?page_id=159"},"modified":"2021-11-04T11:01:39","modified_gmt":"2021-11-04T10:01:39","slug":"stipendiaten","status":"publish","type":"page","link":"https:\/\/gemeinnuetzige-gesellschaft-der-bezirke-zuerich-und-dietikon.ch\/ggbzd\/stipendiaten\/","title":{"rendered":"Stipendiaten"},"content":{"rendered":"\n<p>Ein Stipendium kann von uns erhalten, wer unseren&nbsp;<a href=\"https:\/\/gemeinnuetzige-gesellschaft-der-bezirke-zuerich-und-dietikon.ch\/ggbzd\/stipendiaten\/anforderungen-an-stipendiengesuche\/\" data-type=\"page\" data-id=\"163\">Anforderungen<\/a>&nbsp;gerecht wird.<\/p>\n\n\n\n<p>In H\u00e4rtef\u00e4llen pr\u00fcfen wir auch Gesuche, die nicht genau unseren Anforderungen entsprechen.<\/p>\n\n\n\n<p>Die gezeigten <a href=\"https:\/\/gemeinnuetzige-gesellschaft-der-bezirke-zuerich-und-dietikon.ch\/ggbzd\/stipendiaten\/lebensgeschichten-von-stipendiaten\/\" data-type=\"page\" data-id=\"168\">Lebensgeschichten<\/a> und die weiteren Informationen helfen Ihnen zu entscheiden, ob Sie bei uns eine\u00a0<strong>Chance auf Unterst\u00fctzung<\/strong>\u00a0haben oder ob Sie auf der gebenden Seite als Mitglied, Spenderin, G\u00f6nner oder durch ein Legat unsere Gesuchssteller unterst\u00fctzen wollen.<\/p>\n","protected":false},"excerpt":{"rendered":"<p>Ein Stipendium kann von uns erhalten, wer unseren&nbsp;Anforderungen&nbsp;gerecht wird. In H\u00e4rtef\u00e4llen pr\u00fcfen wir auch Gesuche, die nicht genau unseren Anforderungen entsprechen. Die gezeigten Lebensgeschichten und die weiteren Informationen helfen Ihnen zu entscheiden, ob Sie bei uns eine\u00a0Chance auf Unterst\u00fctzung\u00a0haben oder ob Sie auf der gebenden Seite als Mitglied, Spenderin, G\u00f6nner&#8230;<\/p>\n<p> <a class=\"continue-reading-link\" href=\"https:\/\/gemeinnuetzige-gesellschaft-der-bezirke-zuerich-und-dietikon.ch\/ggbzd\/stipendiaten\/\"><span>Continue reading<\/span><i class=\"crycon-right-dir\"><\/i><\/a> <\/p>\n","protected":false},"author":4,"featured_media":0,"parent":0,"menu_order":0,"comment_status":"closed","ping_status":"closed","template":"","meta":[],"acf":[],"_links":{"self":[{"href":"https:\/\/gemeinnuetzige-gesellschaft-der-bezirke-zuerich-und-dietikon.ch\/ggbzd\/wp-json\/wp\/v2\/pages\/159"}],"collection":[{"href":"https:\/\/gemeinnuetzige-gesellschaft-der-bezirke-zuerich-und-dietikon.ch\/ggbzd\/wp-json\/wp\/v2\/pages"}],"about":[{"href":"https:\/\/gemeinnuetzige-gesellschaft-der-bezirke-zuerich-und-dietikon.ch\/ggbzd\/wp-json\/wp\/v2\/types\/page"}],"author":[{"embeddable":true,"href":"https:\/\/gemeinnuetzige-gesellschaft-der-bezirke-zuerich-und-dietikon.ch\/ggbzd\/wp-json\/wp\/v2\/users\/4"}],"replies":[{"embeddable":true,"href":"https:\/\/gemeinnuetzige-gesellschaft-der-bezirke-zuerich-und-dietikon.ch\/ggbzd\/wp-json\/wp\/v2\/comments?post=159"}],"version-history":[{"count":3,"href":"https:\/\/gemeinnuetzige-gesellschaft-der-bezirke-zuerich-und-dietikon.ch\/ggbzd\/wp-json\/wp\/v2\/pages\/159\/revisions"}],"predecessor-version":[{"id":182,"href":"https:\/\/gemeinnuetzige-gesellschaft-der-bezirke-zuerich-und-dietikon.ch\/ggbzd\/wp-json\/wp\/v2\/pages\/159\/revisions\/182"}],"wp:attachment":[{"href":"https:\/\/gemeinnuetzige-gesellschaft-der-bezirke-zuerich-und-dietikon.ch\/ggbzd\/wp-json\/wp\/v2\/media?parent=159"}],"curies":[{"name":"wp","href":"https:\/\/api.w.org\/{rel}","templated":true}]}}